{"id":24410,"date":"2024-11-04T23:50:53","date_gmt":"2024-11-04T22:50:53","guid":{"rendered":"https:\/\/www.willeasy.net\/project\/?post_type=esperienze&#038;p=24410"},"modified":"2024-11-05T00:12:01","modified_gmt":"2024-11-04T23:12:01","slug":"esplora-firenze-un-viaggio-accessibile-tra-arte-storia-e-panorami-incantevoli","status":"publish","type":"esperienze","link":"https:\/\/www.willeasy.net\/project\/esperienze\/esplora-firenze-un-viaggio-accessibile-tra-arte-storia-e-panorami-incantevoli\/","title":{"rendered":"Esplora Firenze: un viaggio accessibile tra arte, storia e panorami Incantevoli"},"content":{"rendered":"\t\t<div data-elementor-type=\"wp-post\" data-elementor-id=\"24410\" class=\"elementor elementor-24410\" data-elementor-post-type=\"esperienze\">\n\t\t\t\t<div class=\"elementor-element elementor-element-b990f0c e-flex e-con-boxed e-con e-parent\" data-id=\"b990f0c\" data-element_type=\"container\">\n\t\t\t\t\t<div class=\"e-con-inner\">\n\t\t\t\t<div class=\"elementor-element elementor-element-a986c5b elementor-widget elementor-widget-heading\" data-id=\"a986c5b\" data-element_type=\"widget\" data-widget_type=\"heading.default\">\n\t\t\t\t<div class=\"elementor-widget-container\">\n\t\t\t<h1 class=\"elementor-heading-title elementor-size-default\">Esplora Firenze: un viaggio accessibile tra arte, storia e panorami Incantevoli<\/h1>\t\t<\/div>\n\t\t\t\t<\/div>\n\t\t\t\t\t<\/div>\n\t\t\t\t<\/div>\n\t\t<div class=\"elementor-element elementor-element-6891666 e-flex e-con-boxed e-con e-parent\" data-id=\"6891666\" data-element_type=\"container\">\n\t\t\t\t\t<div class=\"e-con-inner\">\n\t\t<div class=\"elementor-element elementor-element-3e41fb4 e-con-full e-flex e-con e-child\" data-id=\"3e41fb4\" data-element_type=\"container\">\n\t\t\t\t<div class=\"elementor-element elementor-element-d4272dd elementor-widget elementor-widget-text-editor\" data-id=\"d4272dd\" data-element_type=\"widget\" data-widget_type=\"text-editor.default\">\n\t\t\t\t<div class=\"elementor-widget-container\">\n\t\t\t\t\t\t\t<p>Firenze, con la sua inconfondibile atmosfera rinascimentale, offre un\u2019affascinante combinazione di arte, storia e panorami spettacolari. <strong>La citt\u00e0, per\u00f2, presenta alcune sfide quando si tratta di accessibilit\u00e0. Mentre molte delle sue principali attrazioni sono facilmente raggiungibili, altre possono richiedere un po\u2019 pi\u00f9 di pianificazione per garantire una visita senza intoppi.<br \/><\/strong><br \/>Con una preparazione adeguata e un po&#8217; di attenzione, puoi esplorare i luoghi iconici di Firenze e godere appieno della sua straordinaria bellezza.<\/p>\t\t\t\t\t\t<\/div>\n\t\t\t\t<\/div>\n\t\t\t\t<\/div>\n\t\t<div class=\"elementor-element elementor-element-e2f8c56 e-con-full e-flex e-con e-child\" data-id=\"e2f8c56\" data-element_type=\"container\">\n\t\t\t\t<div class=\"elementor-element elementor-element-27d2e66 elementor-widget elementor-widget-image\" data-id=\"27d2e66\" data-element_type=\"widget\" data-widget_type=\"image.default\">\n\t\t\t\t<div class=\"elementor-widget-container\">\n\t\t\t\t\t\t\t\t\t\t\t\t\t<img fetchpriority=\"high\" decoding=\"async\" width=\"1024\" height=\"683\" src=\"https:\/\/www.willeasy.net\/project\/wp-content\/uploads\/2024\/10\/cathedral-5881418_1280-1024x683.jpg\" class=\"attachment-large size-large wp-image-24425\" alt=\"\" srcset=\"https:\/\/www.willeasy.net\/project\/wp-content\/uploads\/2024\/10\/cathedral-5881418_1280-1024x683.jpg 1024w, https:\/\/www.willeasy.net\/project\/wp-content\/uploads\/2024\/10\/cathedral-5881418_1280-300x200.jpg 300w, https:\/\/www.willeasy.net\/project\/wp-content\/uploads\/2024\/10\/cathedral-5881418_1280-768x512.jpg 768w, https:\/\/www.willeasy.net\/project\/wp-content\/uploads\/2024\/10\/cathedral-5881418_1280.jpg 1280w\" sizes=\"(max-width: 1024px) 100vw, 1024px\" \/>\t\t\t\t\t\t\t\t\t\t\t\t\t<\/div>\n\t\t\t\t<\/div>\n\t\t\t\t<\/div>\n\t\t\t\t\t<\/div>\n\t\t\t\t<\/div>\n\t\t<div class=\"elementor-element elementor-element-b6963f9 e-flex e-con-boxed e-con e-parent\" data-id=\"b6963f9\" data-element_type=\"container\">\n\t\t\t\t\t<div class=\"e-con-inner\">\n\t\t<div class=\"elementor-element elementor-element-f76dcb2 e-con-full e-flex e-con e-child\" data-id=\"f76dcb2\" data-element_type=\"container\">\n\t\t\t\t<div class=\"elementor-element elementor-element-823a62c elementor-widget elementor-widget-heading\" data-id=\"823a62c\" data-element_type=\"widget\" data-widget_type=\"heading.default\">\n\t\t\t\t<div class=\"elementor-widget-container\">\n\t\t\t<h2 class=\"elementor-heading-title elementor-size-default\">Dove parcheggiare a Firenze: guida ai parcheggi e accessibilit\u00e0\n<\/h2>\t\t<\/div>\n\t\t\t\t<\/div>\n\t\t\t\t<div class=\"elementor-element elementor-element-b8d3020 elementor-widget elementor-widget-text-editor\" data-id=\"b8d3020\" data-element_type=\"widget\" data-widget_type=\"text-editor.default\">\n\t\t\t\t<div class=\"elementor-widget-container\">\n\t\t\t\t\t\t\tFirenze, la culla del Rinascimento, \u00e8 una delle citt\u00e0 pi\u00f9 affascinanti d&#8217;Italia, e visitarla in macchina pu\u00f2 rivelarsi una scelta comoda se si sa dove parcheggiare. Ecco alcune opzioni ideali e informazioni dettagliate per un soggiorno senza stress.\n\t\t\t\t\t\t<\/div>\n\t\t\t\t<\/div>\n\t\t\t\t<\/div>\n\t\t<div class=\"elementor-element elementor-element-6e3dc85 e-con-full e-flex e-con e-child\" data-id=\"6e3dc85\" data-element_type=\"container\">\n\t\t\t\t<\/div>\n\t\t\t\t\t<\/div>\n\t\t\t\t<\/div>\n\t\t<div class=\"elementor-element elementor-element-3c6e57d e-flex e-con-boxed e-con e-parent\" data-id=\"3c6e57d\" data-element_type=\"container\">\n\t\t\t\t\t<div class=\"e-con-inner\">\n\t\t<div class=\"elementor-element elementor-element-5395c67 e-con-full e-flex e-con e-child\" data-id=\"5395c67\" data-element_type=\"container\">\n\t\t\t\t<div class=\"elementor-element elementor-element-d0fd04e elementor-widget elementor-widget-heading\" data-id=\"d0fd04e\" data-element_type=\"widget\" data-widget_type=\"heading.default\">\n\t\t\t\t<div class=\"elementor-widget-container\">\n\t\t\t<h4 class=\"elementor-heading-title elementor-size-default\">Parcheggi in centro\n\n<\/h4>\t\t<\/div>\n\t\t\t\t<\/div>\n\t\t\t\t<div class=\"elementor-element elementor-element-ace3e81 elementor-widget elementor-widget-text-editor\" data-id=\"ace3e81\" data-element_type=\"widget\" data-widget_type=\"text-editor.default\">\n\t\t\t\t<div class=\"elementor-widget-container\">\n\t\t\t\t\t\t\t<p><strong>Garage Sole<\/strong> Situato in via del Sole, il Garage Sole \u00e8 una scelta eccellente per chi desidera esplorare il cuore pulsante di Firenze e fare shopping. La posizione centrale facilita l&#8217;accesso alle principali attrazioni turistiche.<br \/><br \/><strong>Garage Verdi<\/strong> In via G. Da Verrazzano, il Garage Verdi \u00e8 perfetto per chi vuole visitare la Basilica di Santa Croce e il Teatro Verdi. La vicinanza a questi luoghi storici rende questo parcheggio una scelta pratica per chi desidera immergersi nella cultura fiorentina.<\/p>\t\t\t\t\t\t<\/div>\n\t\t\t\t<\/div>\n\t\t\t\t<\/div>\n\t\t<div class=\"elementor-element elementor-element-4c158a4 e-con-full e-flex e-con e-child\" data-id=\"4c158a4\" data-element_type=\"container\">\n\t\t\t\t<div class=\"elementor-element elementor-element-630f671 elementor-widget elementor-widget-text-editor\" data-id=\"630f671\" data-element_type=\"widget\" data-widget_type=\"text-editor.default\">\n\t\t\t\t<div class=\"elementor-widget-container\">\n\t\t\t\t\t\t\t<p><strong>Piazzale Michelangelo<\/strong><br \/>Il Piazzale Michelangelo \u00e8 il parcheggio gratuito pi\u00f9 vicino al centro storico di Firenze. Situato in una posizione panoramica, offre una vista spettacolare sulla citt\u00e0 e sulla valle dell&#8217;Arno. Da qui, \u00e8 possibile raggiungere a piedi il Ponte Vecchio e altri punti di interesse in circa 30-40 minuti. Essendo molto gettonato, si consiglia di arrivare presto per trovare un posto.<br \/><br \/><strong>Villa Costanza<\/strong><br \/>Se preferisci una soluzione pi\u00f9 comoda, il parcheggio di Villa Costanza \u00e8 l&#8217;ideale. Situato direttamente lungo l&#8217;autostrada A1, tra le uscite di Firenze Impruneta e Firenze Scandicci, offre un&#8217;ampia disponibilit\u00e0 di posti e un comodo collegamento con il centro citt\u00e0 attraverso i mezzi pubblici.<\/p>\t\t\t\t\t\t<\/div>\n\t\t\t\t<\/div>\n\t\t\t\t<\/div>\n\t\t\t\t\t<\/div>\n\t\t\t\t<\/div>\n\t\t<div class=\"elementor-element elementor-element-07ccdac e-flex e-con-boxed e-con e-parent\" data-id=\"07ccdac\" data-element_type=\"container\">\n\t\t\t\t\t<div class=\"e-con-inner\">\n\t\t<div class=\"elementor-element elementor-element-583b7f7 e-con-full e-flex e-con e-child\" data-id=\"583b7f7\" data-element_type=\"container\">\n\t\t\t\t<div class=\"elementor-element elementor-element-6031126 elementor-widget elementor-widget-heading\" data-id=\"6031126\" data-element_type=\"widget\" data-widget_type=\"heading.default\">\n\t\t\t\t<div class=\"elementor-widget-container\">\n\t\t\t<h2 class=\"elementor-heading-title elementor-size-default\">Attrazioni e accessibilit\u00e0 a Firenze<\/h2>\t\t<\/div>\n\t\t\t\t<\/div>\n\t\t\t\t<div class=\"elementor-element elementor-element-263747f elementor-widget elementor-widget-text-editor\" data-id=\"263747f\" data-element_type=\"widget\" data-widget_type=\"text-editor.default\">\n\t\t\t\t<div class=\"elementor-widget-container\">\n\t\t\t\t\t\t\tFirenze, con il suo ricco patrimonio artistico e culturale, \u00e8 una citt\u00e0 che incanta ogni visitatore. Tuttavia, \u00e8 importante considerare che, sebbene molte delle sue attrazioni principali siano accessibili, ci sono alcune sfide da tenere in conto. Ecco una panoramica delle principali attrazioni turistiche e delle informazioni relative alla loro accessibilit\u00e0:\n\t\t\t\t\t\t<\/div>\n\t\t\t\t<\/div>\n\t\t\t\t<\/div>\n\t\t<div class=\"elementor-element elementor-element-3b9d16a e-con-full e-flex e-con e-child\" data-id=\"3b9d16a\" data-element_type=\"container\">\n\t\t\t\t<\/div>\n\t\t\t\t\t<\/div>\n\t\t\t\t<\/div>\n\t\t<div class=\"elementor-element elementor-element-944fddf e-flex e-con-boxed e-con e-parent\" data-id=\"944fddf\" data-element_type=\"container\">\n\t\t\t\t\t<div class=\"e-con-inner\">\n\t\t<div class=\"elementor-element elementor-element-1e4ff4f e-con-full e-flex e-con e-child\" data-id=\"1e4ff4f\" data-element_type=\"container\">\n\t\t\t\t<div class=\"elementor-element elementor-element-50f009b elementor-widget elementor-widget-heading\" data-id=\"50f009b\" data-element_type=\"widget\" data-widget_type=\"heading.default\">\n\t\t\t\t<div class=\"elementor-widget-container\">\n\t\t\t<h2 class=\"elementor-heading-title elementor-size-default\">Duomo di Firenze \n<\/h2>\t\t<\/div>\n\t\t\t\t<\/div>\n\t\t\t\t<div class=\"elementor-element elementor-element-03b7549 elementor-widget elementor-widget-text-editor\" data-id=\"03b7549\" data-element_type=\"widget\" data-widget_type=\"text-editor.default\">\n\t\t\t\t<div class=\"elementor-widget-container\">\n\t\t\t\t\t\t\tIl Duomo, con la sua celebre Cupola del Brunelleschi, \u00e8 una delle meraviglie di Firenze. Il Museo dell&#8217;Opera del Duomo, situato in Piazza Duomo, \u00e8 completamente accessibile, con ascensori che conducono ai vari piani e alla terrazza panoramica. L\u2019ingresso alla Cattedrale \u00e8 gratuito per le persone con disabilit\u00e0 e i loro accompagnatori, sebbene il percorso verso l\u2019ingresso possa presentare piccole irregolarit\u00e0 nei marciapiedi.\n\t\t\t\t\t\t<\/div>\n\t\t\t\t<\/div>\n\t\t\t\t<\/div>\n\t\t<div class=\"elementor-element elementor-element-5957561 e-con-full e-flex e-con e-child\" data-id=\"5957561\" data-element_type=\"container\">\n\t\t<div class=\"elementor-element elementor-element-b3f27f8 e-con-full e-flex e-con e-child\" data-id=\"b3f27f8\" data-element_type=\"container\" data-settings=\"{&quot;background_background&quot;:&quot;classic&quot;}\">\n\t\t\t\t<div class=\"elementor-element elementor-element-4644c5d elementor-view-default elementor-position-top elementor-mobile-position-top elementor-widget elementor-widget-icon-box\" data-id=\"4644c5d\" data-element_type=\"widget\" data-widget_type=\"icon-box.default\">\n\t\t\t\t<div class=\"elementor-widget-container\">\n\t\t\t\t\t<div class=\"elementor-icon-box-wrapper\">\n\n\t\t\t\t\t\t<div class=\"elementor-icon-box-icon\">\n\t\t\t\t<a href=\"https:\/\/duomo.firenze.it\/it\/scopri\/cattedrale-di-santa-maria-del-fiore\" target=\"_blank\" class=\"elementor-icon elementor-animation-\" tabindex=\"-1\" rel=\"noopener\">\n\t\t\t\t<i aria-hidden=\"true\" class=\"fas fa-info-circle\"><\/i>\t\t\t\t<\/a>\n\t\t\t<\/div>\n\t\t\t\n\t\t\t\t\t\t<div class=\"elementor-icon-box-content\">\n\n\t\t\t\t\t\t\t\t\t<h3 class=\"elementor-icon-box-title\">\n\t\t\t\t\t\t<a href=\"https:\/\/duomo.firenze.it\/it\/scopri\/cattedrale-di-santa-maria-del-fiore\" target=\"_blank\" rel=\"noopener\">\n\t\t\t\t\t\t\tPer ulteriori informazioni e dettagli sull\u2019accessibilit\u00e0, puoi visitare il sito ufficiale:\t\t\t\t\t\t<\/a>\n\t\t\t\t\t<\/h3>\n\t\t\t\t\n\t\t\t\t\t\t\t\t\t<p class=\"elementor-icon-box-description\">\n\t\t\t\t\t\thttps:\/\/duomo.firenze.it\/it\/\t\t\t\t\t<\/p>\n\t\t\t\t\n\t\t\t<\/div>\n\t\t\t\n\t\t<\/div>\n\t\t\t\t<\/div>\n\t\t\t\t<\/div>\n\t\t\t\t<\/div>\n\t\t<div class=\"elementor-element elementor-element-c425533 e-con-full e-flex e-con e-child\" data-id=\"c425533\" data-element_type=\"container\">\n\t\t\t\t<\/div>\n\t\t\t\t<\/div>\n\t\t\t\t\t<\/div>\n\t\t\t\t<\/div>\n\t\t<div class=\"elementor-element elementor-element-aa37169 e-flex e-con-boxed e-con e-parent\" data-id=\"aa37169\" data-element_type=\"container\">\n\t\t\t\t\t<div class=\"e-con-inner\">\n\t\t<div class=\"elementor-element elementor-element-df194e9 e-con-full e-flex e-con e-child\" data-id=\"df194e9\" data-element_type=\"container\">\n\t\t\t\t<div class=\"elementor-element elementor-element-45fc246 elementor-widget elementor-widget-heading\" data-id=\"45fc246\" data-element_type=\"widget\" data-widget_type=\"heading.default\">\n\t\t\t\t<div class=\"elementor-widget-container\">\n\t\t\t<h2 class=\"elementor-heading-title elementor-size-default\">Campanile di Giotto \n\n<\/h2>\t\t<\/div>\n\t\t\t\t<\/div>\n\t\t\t\t<div class=\"elementor-element elementor-element-e220daf elementor-widget elementor-widget-text-editor\" data-id=\"e220daf\" data-element_type=\"widget\" data-widget_type=\"text-editor.default\">\n\t\t\t\t<div class=\"elementor-widget-container\">\n\t\t\t\t\t\t\tLa salita al Campanile di Giotto, famosa per la sua vista panoramica, non \u00e8 accessibile per le persone con disabilit\u00e0 motorie, poich\u00e9 le scale non sono attrezzate per le carrozzine.\t\t\t\t\t\t<\/div>\n\t\t\t\t<\/div>\n\t\t\t\t<\/div>\n\t\t<div class=\"elementor-element elementor-element-a76adc0 e-con-full e-flex e-con e-child\" data-id=\"a76adc0\" data-element_type=\"container\">\n\t\t<div class=\"elementor-element elementor-element-2ca2ecd e-con-full e-flex e-con e-child\" data-id=\"2ca2ecd\" data-element_type=\"container\" data-settings=\"{&quot;background_background&quot;:&quot;classic&quot;}\">\n\t\t\t\t<div class=\"elementor-element elementor-element-99f99e2 elementor-view-default elementor-position-top elementor-mobile-position-top elementor-widget elementor-widget-icon-box\" data-id=\"99f99e2\" data-element_type=\"widget\" data-widget_type=\"icon-box.default\">\n\t\t\t\t<div class=\"elementor-widget-container\">\n\t\t\t\t\t<div class=\"elementor-icon-box-wrapper\">\n\n\t\t\t\t\t\t<div class=\"elementor-icon-box-icon\">\n\t\t\t\t<a href=\"https:\/\/duomo.firenze.it\/it\/scopri\/campanile-di-giotto\" target=\"_blank\" class=\"elementor-icon elementor-animation-\" tabindex=\"-1\" rel=\"noopener\">\n\t\t\t\t<i aria-hidden=\"true\" class=\"fas fa-info-circle\"><\/i>\t\t\t\t<\/a>\n\t\t\t<\/div>\n\t\t\t\n\t\t\t\t\t\t<div class=\"elementor-icon-box-content\">\n\n\t\t\t\t\t\t\t\t\t<h3 class=\"elementor-icon-box-title\">\n\t\t\t\t\t\t<a href=\"https:\/\/duomo.firenze.it\/it\/scopri\/campanile-di-giotto\" target=\"_blank\" rel=\"noopener\">\n\t\t\t\t\t\t\tPer saperne di pi\u00f9:\t\t\t\t\t\t<\/a>\n\t\t\t\t\t<\/h3>\n\t\t\t\t\n\t\t\t\t\t\t\t\t\t<p class=\"elementor-icon-box-description\">\n\t\t\t\t\t\t https:\/\/duomo.firenze.it\/it\/\t\t\t\t\t<\/p>\n\t\t\t\t\n\t\t\t<\/div>\n\t\t\t\n\t\t<\/div>\n\t\t\t\t<\/div>\n\t\t\t\t<\/div>\n\t\t\t\t<\/div>\n\t\t<div class=\"elementor-element elementor-element-392ba71 e-con-full e-flex e-con e-child\" data-id=\"392ba71\" data-element_type=\"container\">\n\t\t\t\t<\/div>\n\t\t\t\t<\/div>\n\t\t\t\t\t<\/div>\n\t\t\t\t<\/div>\n\t\t<div class=\"elementor-element elementor-element-a8821b2 e-flex e-con-boxed e-con e-parent\" data-id=\"a8821b2\" data-element_type=\"container\">\n\t\t\t\t\t<div class=\"e-con-inner\">\n\t\t<div class=\"elementor-element elementor-element-c753616 e-con-full e-flex e-con e-child\" data-id=\"c753616\" data-element_type=\"container\">\n\t\t\t\t<div class=\"elementor-element elementor-element-8ce6d7c elementor-widget elementor-widget-heading\" data-id=\"8ce6d7c\" data-element_type=\"widget\" data-widget_type=\"heading.default\">\n\t\t\t\t<div class=\"elementor-widget-container\">\n\t\t\t<h2 class=\"elementor-heading-title elementor-size-default\">Piazza della Signoria\n\n<\/h2>\t\t<\/div>\n\t\t\t\t<\/div>\n\t\t\t\t<div class=\"elementor-element elementor-element-b6e153f elementor-widget elementor-widget-text-editor\" data-id=\"b6e153f\" data-element_type=\"widget\" data-widget_type=\"text-editor.default\">\n\t\t\t\t<div class=\"elementor-widget-container\">\n\t\t\t\t\t\t\t<p>Situata nel cuore pulsante di Firenze, Piazza della Signoria \u00e8 facilmente accessibile e rappresenta un punto centrale e vivace del tuo tour cittadino. Questa storica piazza, circondata da maestosi palazzi e opere d&#8217;arte, offre un&#8217;importante tappa per immergersi nella cultura e nella storia della citt\u00e0.<\/p>\t\t\t\t\t\t<\/div>\n\t\t\t\t<\/div>\n\t\t\t\t<\/div>\n\t\t<div class=\"elementor-element elementor-element-a68f6d3 e-con-full e-flex e-con e-child\" data-id=\"a68f6d3\" data-element_type=\"container\">\n\t\t<div class=\"elementor-element elementor-element-e0c7c7c e-con-full e-flex e-con e-child\" data-id=\"e0c7c7c\" data-element_type=\"container\">\n\t\t\t\t<\/div>\n\t\t\t\t<\/div>\n\t\t\t\t\t<\/div>\n\t\t\t\t<\/div>\n\t\t<div class=\"elementor-element elementor-element-c1c949e e-flex e-con-boxed e-con e-parent\" data-id=\"c1c949e\" data-element_type=\"container\">\n\t\t\t\t\t<div class=\"e-con-inner\">\n\t\t<div class=\"elementor-element elementor-element-e82b690 e-con-full e-flex e-con e-child\" data-id=\"e82b690\" data-element_type=\"container\">\n\t\t\t\t<div class=\"elementor-element elementor-element-de933fe elementor-widget elementor-widget-heading\" data-id=\"de933fe\" data-element_type=\"widget\" data-widget_type=\"heading.default\">\n\t\t\t\t<div class=\"elementor-widget-container\">\n\t\t\t<h2 class=\"elementor-heading-title elementor-size-default\">Museo di Palazzo Vecchio\n\n<\/h2>\t\t<\/div>\n\t\t\t\t<\/div>\n\t\t\t\t<div class=\"elementor-element elementor-element-8c1a997 elementor-widget elementor-widget-text-editor\" data-id=\"8c1a997\" data-element_type=\"widget\" data-widget_type=\"text-editor.default\">\n\t\t\t\t<div class=\"elementor-widget-container\">\n\t\t\t\t\t\t\tIl Museo di Palazzo Vecchio \u00e8 accessibile alle carrozzine e offre una buona visibilit\u00e0 delle opere. L\u2019ingresso \u00e8 in piano su Via dei Gondi e i percorsi interni sono accessibili tramite rampa, montascale o ascensore. Tuttavia, alcune aree come il mezzanino e la torre non sono accessibili con sedia a ruote. \t\t\t\t\t\t<\/div>\n\t\t\t\t<\/div>\n\t\t\t\t<\/div>\n\t\t<div class=\"elementor-element elementor-element-2b74bcf e-con-full e-flex e-con e-child\" data-id=\"2b74bcf\" data-element_type=\"container\">\n\t\t<div class=\"elementor-element elementor-element-e6dc088 e-con-full e-flex e-con e-child\" data-id=\"e6dc088\" data-element_type=\"container\" data-settings=\"{&quot;background_background&quot;:&quot;classic&quot;}\">\n\t\t\t\t<div class=\"elementor-element elementor-element-78f4f96 elementor-view-default elementor-position-top elementor-mobile-position-top elementor-widget elementor-widget-icon-box\" data-id=\"78f4f96\" data-element_type=\"widget\" data-widget_type=\"icon-box.default\">\n\t\t\t\t<div class=\"elementor-widget-container\">\n\t\t\t\t\t<div class=\"elementor-icon-box-wrapper\">\n\n\t\t\t\t\t\t<div class=\"elementor-icon-box-icon\">\n\t\t\t\t<a href=\"https:\/\/cultura.comune.fi.it\/pagina\/musei-civici-fiorentini\/museo-di-palazzo-vecchio\" target=\"_blank\" class=\"elementor-icon elementor-animation-\" tabindex=\"-1\" rel=\"noopener\">\n\t\t\t\t<i aria-hidden=\"true\" class=\"fas fa-info-circle\"><\/i>\t\t\t\t<\/a>\n\t\t\t<\/div>\n\t\t\t\n\t\t\t\t\t\t<div class=\"elementor-icon-box-content\">\n\n\t\t\t\t\t\t\t\t\t<h3 class=\"elementor-icon-box-title\">\n\t\t\t\t\t\t<a href=\"https:\/\/cultura.comune.fi.it\/pagina\/musei-civici-fiorentini\/museo-di-palazzo-vecchio\" target=\"_blank\" rel=\"noopener\">\n\t\t\t\t\t\t\tPer maggiori dettagli su Piazza della Signoria e le sue attrazioni, puoi visitare il sito ufficiale: \t\t\t\t\t\t<\/a>\n\t\t\t\t\t<\/h3>\n\t\t\t\t\n\t\t\t\t\t\t\t\t\t<p class=\"elementor-icon-box-description\">\n\t\t\t\t\t\thttps:\/\/cultura.comune.fi.it\/\t\t\t\t\t<\/p>\n\t\t\t\t\n\t\t\t<\/div>\n\t\t\t\n\t\t<\/div>\n\t\t\t\t<\/div>\n\t\t\t\t<\/div>\n\t\t\t\t<\/div>\n\t\t\t\t<\/div>\n\t\t\t\t\t<\/div>\n\t\t\t\t<\/div>\n\t\t<div class=\"elementor-element elementor-element-201ac3d e-flex e-con-boxed e-con e-parent\" data-id=\"201ac3d\" data-element_type=\"container\">\n\t\t\t\t\t<div class=\"e-con-inner\">\n\t\t<div class=\"elementor-element elementor-element-3df2557 e-con-full e-flex e-con e-child\" data-id=\"3df2557\" data-element_type=\"container\">\n\t\t\t\t<div class=\"elementor-element elementor-element-be6e954 elementor-widget elementor-widget-heading\" data-id=\"be6e954\" data-element_type=\"widget\" data-widget_type=\"heading.default\">\n\t\t\t\t<div class=\"elementor-widget-container\">\n\t\t\t<h2 class=\"elementor-heading-title elementor-size-default\">Ponte Vecchio\n\n<\/h2>\t\t<\/div>\n\t\t\t\t<\/div>\n\t\t\t\t<div class=\"elementor-element elementor-element-2af88f5 elementor-widget elementor-widget-text-editor\" data-id=\"2af88f5\" data-element_type=\"widget\" data-widget_type=\"text-editor.default\">\n\t\t\t\t<div class=\"elementor-widget-container\">\n\t\t\t\t\t\t\tIl Ponte Vecchio, uno dei luoghi pi\u00f9 emblematici di Firenze, \u00e8 facilmente raggiungibile e completamente accessibile. Questa storica struttura, che si erge maestosa sul fiume Arno, \u00e8 celebre non solo per la sua architettura unica, ma anche per i suoi antichi negozi di gioielli e arte. Passeggiando lungo il ponte, avrai l&#8217;opportunit\u00e0 di vivere una delle esperienze pi\u00f9 autentiche e pittoresche di Firenze, godendo al contempo della comodit\u00e0 di un accesso senza barriere.\t\t\t\t\t\t<\/div>\n\t\t\t\t<\/div>\n\t\t\t\t<\/div>\n\t\t<div class=\"elementor-element elementor-element-0b6d973 e-con-full e-flex e-con e-child\" data-id=\"0b6d973\" data-element_type=\"container\">\n\t\t\t\t<div class=\"elementor-element elementor-element-13a21fa elementor-widget elementor-widget-image\" data-id=\"13a21fa\" data-element_type=\"widget\" data-widget_type=\"image.default\">\n\t\t\t\t<div class=\"elementor-widget-container\">\n\t\t\t\t\t\t\t\t\t\t\t\t\t<img decoding=\"async\" width=\"1024\" height=\"682\" src=\"https:\/\/www.willeasy.net\/project\/wp-content\/uploads\/2024\/10\/roman-3620715_1280-1024x682.jpg\" class=\"attachment-large size-large wp-image-24433\" alt=\"\" srcset=\"https:\/\/www.willeasy.net\/project\/wp-content\/uploads\/2024\/10\/roman-3620715_1280-1024x682.jpg 1024w, https:\/\/www.willeasy.net\/project\/wp-content\/uploads\/2024\/10\/roman-3620715_1280-300x200.jpg 300w, https:\/\/www.willeasy.net\/project\/wp-content\/uploads\/2024\/10\/roman-3620715_1280-768x512.jpg 768w, https:\/\/www.willeasy.net\/project\/wp-content\/uploads\/2024\/10\/roman-3620715_1280.jpg 1280w\" sizes=\"(max-width: 1024px) 100vw, 1024px\" \/>\t\t\t\t\t\t\t\t\t\t\t\t\t<\/div>\n\t\t\t\t<\/div>\n\t\t\t\t<\/div>\n\t\t\t\t\t<\/div>\n\t\t\t\t<\/div>\n\t\t<div class=\"elementor-element elementor-element-3b8f0f6 e-flex e-con-boxed e-con e-parent\" data-id=\"3b8f0f6\" data-element_type=\"container\">\n\t\t\t\t\t<div class=\"e-con-inner\">\n\t\t<div class=\"elementor-element elementor-element-7f861ae e-con-full e-flex e-con e-child\" data-id=\"7f861ae\" data-element_type=\"container\">\n\t\t\t\t<div class=\"elementor-element elementor-element-c1d5b70 elementor-widget elementor-widget-heading\" data-id=\"c1d5b70\" data-element_type=\"widget\" data-widget_type=\"heading.default\">\n\t\t\t\t<div class=\"elementor-widget-container\">\n\t\t\t<h2 class=\"elementor-heading-title elementor-size-default\">Giardino delle Rose\n\n<\/h2>\t\t<\/div>\n\t\t\t\t<\/div>\n\t\t\t\t<div class=\"elementor-element elementor-element-08ca3b6 elementor-widget elementor-widget-text-editor\" data-id=\"08ca3b6\" data-element_type=\"widget\" data-widget_type=\"text-editor.default\">\n\t\t\t\t<div class=\"elementor-widget-container\">\n\t\t\t\t\t\t\tIl Giardino delle Rose, situato sulle colline che sovrastano Firenze, sembra offrire un buon livello di accessibilit\u00e0, permettendo ai visitatori di godere delle sue splendide collezioni di rose e delle sue viste panoramiche sulla citt\u00e0. Tuttavia, non ci sono conferme ufficiali riguardo alla sua completa adattabilit\u00e0 per tutti i tipi di esigenze. \u00c8 consigliabile verificare in anticipo le condizioni specifiche del giardino per assicurarsi che soddisfi le proprie necessit\u00e0 di accesso e mobilit\u00e0.\t\t\t\t\t\t<\/div>\n\t\t\t\t<\/div>\n\t\t\t\t<\/div>\n\t\t<div class=\"elementor-element elementor-element-e0831c5 e-con-full e-flex e-con e-child\" data-id=\"e0831c5\" data-element_type=\"container\">\n\t\t<div class=\"elementor-element elementor-element-7f78052 e-con-full e-flex e-con e-child\" data-id=\"7f78052\" data-element_type=\"container\" data-settings=\"{&quot;background_background&quot;:&quot;classic&quot;}\">\n\t\t\t\t<div class=\"elementor-element elementor-element-3d01134 elementor-view-default elementor-position-top elementor-mobile-position-top elementor-widget elementor-widget-icon-box\" data-id=\"3d01134\" data-element_type=\"widget\" data-widget_type=\"icon-box.default\">\n\t\t\t\t<div class=\"elementor-widget-container\">\n\t\t\t\t\t<div class=\"elementor-icon-box-wrapper\">\n\n\t\t\t\t\t\t<div class=\"elementor-icon-box-icon\">\n\t\t\t\t<a href=\"https:\/\/www.visittuscany.com\/en\/attractions\/the-rose-garden-inflorence\/\" target=\"_blank\" class=\"elementor-icon elementor-animation-\" tabindex=\"-1\" rel=\"noopener\">\n\t\t\t\t<i aria-hidden=\"true\" class=\"fas fa-info-circle\"><\/i>\t\t\t\t<\/a>\n\t\t\t<\/div>\n\t\t\t\n\t\t\t\t\t\t<div class=\"elementor-icon-box-content\">\n\n\t\t\t\t\t\t\t\t\t<h3 class=\"elementor-icon-box-title\">\n\t\t\t\t\t\t<a href=\"https:\/\/www.visittuscany.com\/en\/attractions\/the-rose-garden-inflorence\/\" target=\"_blank\" rel=\"noopener\">\n\t\t\t\t\t\t\tPer saperne di pi\u00f9:\t\t\t\t\t\t<\/a>\n\t\t\t\t\t<\/h3>\n\t\t\t\t\n\t\t\t\t\t\t\t\t\t<p class=\"elementor-icon-box-description\">\n\t\t\t\t\t\thttps:\/\/www.visittuscany.com\/en\/\n\t\t\t\t\t<\/p>\n\t\t\t\t\n\t\t\t<\/div>\n\t\t\t\n\t\t<\/div>\n\t\t\t\t<\/div>\n\t\t\t\t<\/div>\n\t\t\t\t<\/div>\n\t\t\t\t<\/div>\n\t\t\t\t\t<\/div>\n\t\t\t\t<\/div>\n\t\t<div class=\"elementor-element elementor-element-bd66e20 e-flex e-con-boxed e-con e-parent\" data-id=\"bd66e20\" data-element_type=\"container\">\n\t\t\t\t\t<div class=\"e-con-inner\">\n\t\t<div class=\"elementor-element elementor-element-648b072 e-con-full e-flex e-con e-child\" data-id=\"648b072\" data-element_type=\"container\">\n\t\t\t\t<div class=\"elementor-element elementor-element-5788e11 elementor-widget elementor-widget-heading\" data-id=\"5788e11\" data-element_type=\"widget\" data-widget_type=\"heading.default\">\n\t\t\t\t<div class=\"elementor-widget-container\">\n\t\t\t<h2 class=\"elementor-heading-title elementor-size-default\">Piazzale Michelangelo\n\n<\/h2>\t\t<\/div>\n\t\t\t\t<\/div>\n\t\t\t\t<div class=\"elementor-element elementor-element-4dd5cef elementor-widget elementor-widget-text-editor\" data-id=\"4dd5cef\" data-element_type=\"widget\" data-widget_type=\"text-editor.default\">\n\t\t\t\t<div class=\"elementor-widget-container\">\n\t\t\t\t\t\t\tIl Piazzale Michelangelo \u00e8 uno dei luoghi pi\u00f9 rinomati di Firenze per la sua vista panoramica mozzafiato sulla citt\u00e0 e sulla valle dell&#8217;Arno. Questo punto panoramico, situato su una collina che domina il centro storico, offre una vista spettacolare che abbraccia i principali monumenti fiorentini, come il Duomo e il Ponte Vecchio. Grazie alla sua accessibilit\u00e0, il Piazzale Michelangelo \u00e8 particolarmente accogliente per i visitatori con disabilit\u00e0: \u00e8 possibile accedervi anche con contrassegno disabili, rendendo questo luogo ideale per chi desidera ammirare i panorami senza barriere.\t\t\t\t\t\t<\/div>\n\t\t\t\t<\/div>\n\t\t\t\t<\/div>\n\t\t<div class=\"elementor-element elementor-element-c9a6f5a e-con-full e-flex e-con e-child\" data-id=\"c9a6f5a\" data-element_type=\"container\">\n\t\t\t\t<\/div>\n\t\t\t\t\t<\/div>\n\t\t\t\t<\/div>\n\t\t<div class=\"elementor-element elementor-element-e87ad7c e-flex e-con-boxed e-con e-parent\" data-id=\"e87ad7c\" data-element_type=\"container\">\n\t\t\t\t\t<div class=\"e-con-inner\">\n\t\t<div class=\"elementor-element elementor-element-7077e6e e-con-full e-flex e-con e-child\" data-id=\"7077e6e\" data-element_type=\"container\">\n\t\t\t\t<div class=\"elementor-element elementor-element-3d2a5b4 elementor-widget elementor-widget-heading\" data-id=\"3d2a5b4\" data-element_type=\"widget\" data-widget_type=\"heading.default\">\n\t\t\t\t<div class=\"elementor-widget-container\">\n\t\t\t<h2 class=\"elementor-heading-title elementor-size-default\">Galleria degli Uffizi e Palazzo Pitti\n<\/h2>\t\t<\/div>\n\t\t\t\t<\/div>\n\t\t\t\t<div class=\"elementor-element elementor-element-9b77d1a elementor-widget elementor-widget-text-editor\" data-id=\"9b77d1a\" data-element_type=\"widget\" data-widget_type=\"text-editor.default\">\n\t\t\t\t<div class=\"elementor-widget-container\">\n\t\t\t\t\t\t\t<p>La Galleria degli Uffizi e il Palazzo Pitti sono due dei musei pi\u00f9 prestigiosi di Firenze, ciascuno con una collezione di opere d&#8217;arte che rappresentano una parte fondamentale della storia dell&#8217;arte rinascimentale. Entrambi i musei si impegnano a garantire un&#8217;esperienza di visita il pi\u00f9 possibile inclusiva e accessibile. <br \/><br \/>Per i visitatori con disabilit\u00e0, sono disponibili ingressi prioritari e gratuiti sia alla Galleria degli Uffizi che al Palazzo Pitti, insieme a biglietti riservati. Le biglietterie dedicate per le persone con disabilit\u00e0 sono chiaramente segnalate e facilmente individuabili all\u2019ingresso di ciascun museo. Il personale, riconoscibile per la sua divisa e il cartellino, \u00e8 sempre pronto a fornire assistenza e supporto per rendere la visita il pi\u00f9 agevole possibile. <br \/><br \/>I visitatori con disabilit\u00e0 possono ritirare i biglietti direttamente presso queste biglietterie, evitando lunghe code e garantendo un accesso rapido e comodo alle meraviglie artistiche di Firenze. Questi servizi speciali assicurano che ogni ospite possa esplorare e apprezzare le ricchezze culturali dei musei senza ostacoli.<\/p>\t\t\t\t\t\t<\/div>\n\t\t\t\t<\/div>\n\t\t\t\t<\/div>\n\t\t<div class=\"elementor-element elementor-element-e14d348 e-con-full e-flex e-con e-child\" data-id=\"e14d348\" data-element_type=\"container\">\n\t\t<div class=\"elementor-element elementor-element-3c0dd88 e-con-full e-flex e-con e-child\" data-id=\"3c0dd88\" data-element_type=\"container\" data-settings=\"{&quot;background_background&quot;:&quot;classic&quot;}\">\n\t\t\t\t<div class=\"elementor-element elementor-element-5728ff1 elementor-view-default elementor-position-top elementor-mobile-position-top elementor-widget elementor-widget-icon-box\" data-id=\"5728ff1\" data-element_type=\"widget\" data-widget_type=\"icon-box.default\">\n\t\t\t\t<div class=\"elementor-widget-container\">\n\t\t\t\t\t<div class=\"elementor-icon-box-wrapper\">\n\n\t\t\t\t\t\t<div class=\"elementor-icon-box-icon\">\n\t\t\t\t<a href=\"https:\/\/www.uffizi.it\/gli-uffizi\" target=\"_blank\" class=\"elementor-icon elementor-animation-\" tabindex=\"-1\" rel=\"noopener\">\n\t\t\t\t<i aria-hidden=\"true\" class=\"fas fa-info-circle\"><\/i>\t\t\t\t<\/a>\n\t\t\t<\/div>\n\t\t\t\n\t\t\t\t\t\t<div class=\"elementor-icon-box-content\">\n\n\t\t\t\t\t\t\t\t\t<h3 class=\"elementor-icon-box-title\">\n\t\t\t\t\t\t<a href=\"https:\/\/www.uffizi.it\/gli-uffizi\" target=\"_blank\" rel=\"noopener\">\n\t\t\t\t\t\t\tPer ulteriori informazioni e dettagli sull\u2019accessibilit\u00e0:\t\t\t\t\t\t<\/a>\n\t\t\t\t\t<\/h3>\n\t\t\t\t\n\t\t\t\t\t\t\t\t\t<p class=\"elementor-icon-box-description\">\n\t\t\t\t\t\thttps:\/\/www.uffizi.it\/gli-uffizi e https:\/\/www.uffizi.it\/palazzo-pitti\n\t\t\t\t\t<\/p>\n\t\t\t\t\n\t\t\t<\/div>\n\t\t\t\n\t\t<\/div>\n\t\t\t\t<\/div>\n\t\t\t\t<\/div>\n\t\t\t\t<\/div>\n\t\t\t\t<\/div>\n\t\t\t\t\t<\/div>\n\t\t\t\t<\/div>\n\t\t<div class=\"elementor-element elementor-element-65517d8 e-flex e-con-boxed e-con e-parent\" data-id=\"65517d8\" data-element_type=\"container\">\n\t\t\t\t\t<div class=\"e-con-inner\">\n\t\t<div class=\"elementor-element elementor-element-a7ba992 e-con-full e-flex e-con e-child\" data-id=\"a7ba992\" data-element_type=\"container\">\n\t\t\t\t<div class=\"elementor-element elementor-element-15c5f5a elementor-widget elementor-widget-heading\" data-id=\"15c5f5a\" data-element_type=\"widget\" data-widget_type=\"heading.default\">\n\t\t\t\t<div class=\"elementor-widget-container\">\n\t\t\t<h2 class=\"elementor-heading-title elementor-size-default\">Basilica di Santa Croce\n<\/h2>\t\t<\/div>\n\t\t\t\t<\/div>\n\t\t\t\t<div class=\"elementor-element elementor-element-ce8fc0f elementor-widget elementor-widget-text-editor\" data-id=\"ce8fc0f\" data-element_type=\"widget\" data-widget_type=\"text-editor.default\">\n\t\t\t\t<div class=\"elementor-widget-container\">\n\t\t\t\t\t\t\t<p>La Basilica di Santa Croce, uno dei luoghi di culto pi\u00f9 importanti e storici di Firenze, accoglie i visitatori con un\u2019attenzione particolare all\u2019accessibilit\u00e0. Per le persone con disabilit\u00e0, l&#8217;ingresso alla Basilica \u00e8 gratuito e prioritario, permettendo un accesso facilitato senza lunghe attese. <br \/><br \/>La struttura \u00e8 dotata di una rampa di accesso situata in Largo Bargellini, che consente un ingresso agevole. Inoltre, una pedana \u00e8 disponibile all&#8217;uscita del chiostro, garantendo una transizione fluida e sicura all&#8217;interno della Basilica. Questo impegno per l\u2019accessibilit\u00e0 assicura che tutti i visitatori possano esplorare e apprezzare le meraviglie artistiche e storiche della Basilica, incluse le celebri tombe di illustri personaggi come Michelangelo e Galileo Galilei. <br \/><br \/>Grazie a queste facilitazioni, puoi godere della bellezza e della maestosit\u00e0 della Basilica di Santa Croce senza preoccupazioni, rendendo la tua visita un\u2019esperienza arricchente e senza barriere.<br \/>Per ulteriori dettagli sull\u2019accessibilit\u00e0 e altre informazioni pratiche relative alla Basilica di Santa Croce:<strong> <a href=\"https:\/\/www.santacroceopera.it\/\" target=\"_blank\" rel=\"noopener\">https:\/\/www.santacroceopera.it\/<\/a><\/strong><\/p>\t\t\t\t\t\t<\/div>\n\t\t\t\t<\/div>\n\t\t\t\t<\/div>\n\t\t<div class=\"elementor-element elementor-element-19c5158 e-con-full e-flex e-con e-child\" data-id=\"19c5158\" data-element_type=\"container\">\n\t\t\t\t<div class=\"elementor-element elementor-element-adabac0 elementor-widget elementor-widget-image\" data-id=\"adabac0\" data-element_type=\"widget\" data-widget_type=\"image.default\">\n\t\t\t\t<div class=\"elementor-widget-container\">\n\t\t\t\t\t\t\t\t\t\t\t\t\t<img decoding=\"async\" width=\"1024\" height=\"696\" src=\"https:\/\/www.willeasy.net\/project\/wp-content\/uploads\/2024\/10\/santa-croce-3072317_1280-1024x696.jpg\" class=\"attachment-large size-large wp-image-24429\" alt=\"\" srcset=\"https:\/\/www.willeasy.net\/project\/wp-content\/uploads\/2024\/10\/santa-croce-3072317_1280-1024x696.jpg 1024w, https:\/\/www.willeasy.net\/project\/wp-content\/uploads\/2024\/10\/santa-croce-3072317_1280-300x204.jpg 300w, https:\/\/www.willeasy.net\/project\/wp-content\/uploads\/2024\/10\/santa-croce-3072317_1280-768x522.jpg 768w, https:\/\/www.willeasy.net\/project\/wp-content\/uploads\/2024\/10\/santa-croce-3072317_1280.jpg 1280w\" sizes=\"(max-width: 1024px) 100vw, 1024px\" \/>\t\t\t\t\t\t\t\t\t\t\t\t\t<\/div>\n\t\t\t\t<\/div>\n\t\t\t\t<\/div>\n\t\t\t\t\t<\/div>\n\t\t\t\t<\/div>\n\t\t<div class=\"elementor-element elementor-element-e629707 e-flex e-con-boxed e-con e-parent\" data-id=\"e629707\" data-element_type=\"container\">\n\t\t\t\t\t<div class=\"e-con-inner\">\n\t\t<div class=\"elementor-element elementor-element-367eaad e-con-full e-flex e-con e-child\" data-id=\"367eaad\" data-element_type=\"container\">\n\t\t\t\t<div class=\"elementor-element elementor-element-c55d462 elementor-widget elementor-widget-heading\" data-id=\"c55d462\" data-element_type=\"widget\" data-widget_type=\"heading.default\">\n\t\t\t\t<div class=\"elementor-widget-container\">\n\t\t\t<h2 class=\"elementor-heading-title elementor-size-default\">Galleria dell\u2019Accademia\n\n<\/h2>\t\t<\/div>\n\t\t\t\t<\/div>\n\t\t\t\t<div class=\"elementor-element elementor-element-6067912 elementor-widget elementor-widget-text-editor\" data-id=\"6067912\" data-element_type=\"widget\" data-widget_type=\"text-editor.default\">\n\t\t\t\t<div class=\"elementor-widget-container\">\n\t\t\t\t\t\t\tLa Galleria dell\u2019Accademia di Firenze, nota principalmente per ospitare il celebre David di Michelangelo, \u00e8 progettata per essere completamente accessibile. Il museo \u00e8 privo di barriere architettoniche, facilitando l\u2019accesso alle sue collezioni per persone con disabilit\u00e0 motorie. All\u2019interno, le sale espositive sono pianeggianti e facilmente percorribili, il che permette una visita agevole. Per le persone con disabilit\u00e0 e i loro accompagnatori, sono disponibili biglietti ridotti e ingresso prioritario, evitando le lunghe attese. Il personale \u00e8 a disposizione per fornire assistenza e informazioni, garantendo che tutti i visitatori possono esplorare le opere d&#8217;arte senza difficolt\u00e0.\n\t\t\t\t\t\t<\/div>\n\t\t\t\t<\/div>\n\t\t\t\t<\/div>\n\t\t<div class=\"elementor-element elementor-element-24cae50 e-con-full e-flex e-con e-child\" data-id=\"24cae50\" data-element_type=\"container\">\n\t\t\t\t<\/div>\n\t\t\t\t\t<\/div>\n\t\t\t\t<\/div>\n\t\t<div class=\"elementor-element elementor-element-f643fbb e-flex e-con-boxed e-con e-parent\" data-id=\"f643fbb\" data-element_type=\"container\">\n\t\t\t\t\t<div class=\"e-con-inner\">\n\t\t<div class=\"elementor-element elementor-element-31d1265 e-con-full e-flex e-con e-child\" data-id=\"31d1265\" data-element_type=\"container\">\n\t\t\t\t<div class=\"elementor-element elementor-element-a870f99 elementor-widget elementor-widget-heading\" data-id=\"a870f99\" data-element_type=\"widget\" data-widget_type=\"heading.default\">\n\t\t\t\t<div class=\"elementor-widget-container\">\n\t\t\t<h2 class=\"elementor-heading-title elementor-size-default\">Mercato Centrale\n<\/h2>\t\t<\/div>\n\t\t\t\t<\/div>\n\t\t\t\t<div class=\"elementor-element elementor-element-2cf74f6 elementor-widget elementor-widget-text-editor\" data-id=\"2cf74f6\" data-element_type=\"widget\" data-widget_type=\"text-editor.default\">\n\t\t\t\t<div class=\"elementor-widget-container\">\n\t\t\t\t\t\t\t<p>Il Mercato Centrale di Firenze, pur essendo una vivace meta per esplorare i sapori locali e la gastronomia fiorentina, presenta alcune sfide in termini di accessibilit\u00e0. Gli ascensori, spesso non funzionanti, possono rendere difficile l&#8217;accesso ai diversi piani del mercato per le persone con disabilit\u00e0 motoria. Questa situazione pu\u00f2 limitare l&#8217;esperienza di chi ha bisogno di queste strutture per muoversi all&#8217;interno dell&#8217;edificio. Si consiglia di verificare in anticipo la disponibilit\u00e0 di assistenza o alternative per facilitare la visita. Per saperne di pi\u00f9:\u00a0<\/p>\t\t\t\t\t\t<\/div>\n\t\t\t\t<\/div>\n\t\t\t\t<\/div>\n\t\t<div class=\"elementor-element elementor-element-5b91d1b e-con-full e-flex e-con e-child\" data-id=\"5b91d1b\" data-element_type=\"container\">\n\t\t<div class=\"elementor-element elementor-element-9cd4c13 e-con-full e-flex e-con e-child\" data-id=\"9cd4c13\" data-element_type=\"container\" data-settings=\"{&quot;background_background&quot;:&quot;classic&quot;}\">\n\t\t\t\t<div class=\"elementor-element elementor-element-35fc2fe elementor-view-default elementor-position-top elementor-mobile-position-top elementor-widget elementor-widget-icon-box\" data-id=\"35fc2fe\" data-element_type=\"widget\" data-widget_type=\"icon-box.default\">\n\t\t\t\t<div class=\"elementor-widget-container\">\n\t\t\t\t\t<div class=\"elementor-icon-box-wrapper\">\n\n\t\t\t\t\t\t<div class=\"elementor-icon-box-icon\">\n\t\t\t\t<a href=\"https:\/\/www.mercatocentrale.it\/firenze\/\" target=\"_blank\" class=\"elementor-icon elementor-animation-\" tabindex=\"-1\" rel=\"noopener\">\n\t\t\t\t<i aria-hidden=\"true\" class=\"fas fa-info-circle\"><\/i>\t\t\t\t<\/a>\n\t\t\t<\/div>\n\t\t\t\n\t\t\t\t\t\t<div class=\"elementor-icon-box-content\">\n\n\t\t\t\t\t\t\t\t\t<h3 class=\"elementor-icon-box-title\">\n\t\t\t\t\t\t<a href=\"https:\/\/www.mercatocentrale.it\/firenze\/\" target=\"_blank\" rel=\"noopener\">\n\t\t\t\t\t\t\tPer saperne di pi\u00f9:\t\t\t\t\t\t<\/a>\n\t\t\t\t\t<\/h3>\n\t\t\t\t\n\t\t\t\t\t\t\t\t\t<p class=\"elementor-icon-box-description\">\n\t\t\t\t\t\thttps:\/\/www.mercatocentrale.it\/firenze\/\n\t\t\t\t\t<\/p>\n\t\t\t\t\n\t\t\t<\/div>\n\t\t\t\n\t\t<\/div>\n\t\t\t\t<\/div>\n\t\t\t\t<\/div>\n\t\t\t\t<\/div>\n\t\t\t\t<\/div>\n\t\t\t\t\t<\/div>\n\t\t\t\t<\/div>\n\t\t<div class=\"elementor-element elementor-element-4f00285 e-flex e-con-boxed e-con e-parent\" data-id=\"4f00285\" data-element_type=\"container\">\n\t\t\t\t\t<div class=\"e-con-inner\">\n\t\t<div class=\"elementor-element elementor-element-f16c276 e-con-full e-flex e-con e-child\" data-id=\"f16c276\" data-element_type=\"container\">\n\t\t\t\t<div class=\"elementor-element elementor-element-4f936fe elementor-widget elementor-widget-heading\" data-id=\"4f936fe\" data-element_type=\"widget\" data-widget_type=\"heading.default\">\n\t\t\t\t<div class=\"elementor-widget-container\">\n\t\t\t<h2 class=\"elementor-heading-title elementor-size-default\">Cappella Brancacci\n<\/h2>\t\t<\/div>\n\t\t\t\t<\/div>\n\t\t\t\t<div class=\"elementor-element elementor-element-2bdb872 elementor-widget elementor-widget-text-editor\" data-id=\"2bdb872\" data-element_type=\"widget\" data-widget_type=\"text-editor.default\">\n\t\t\t\t<div class=\"elementor-widget-container\">\n\t\t\t\t\t\t\tLa Cappella Brancacci, famosa per i suoi affreschi rinascimentali, \u00e8 dotata di un ascensore progettato per accogliere una persona in carrozzina con accompagnatore. Questa caratteristica rende la cappella accessibile a chi ha difficolt\u00e0 motorie, consentendo una visita pi\u00f9 agevole. L&#8217;ascensore offre un collegamento pratico tra i diversi livelli della cappella, assicurando che tutti i visitatori possano apprezzare la bellezza artistica senza ostacoli.\t\t\t\t\t\t<\/div>\n\t\t\t\t<\/div>\n\t\t\t\t<\/div>\n\t\t<div class=\"elementor-element elementor-element-0cba3cd e-con-full e-flex e-con e-child\" data-id=\"0cba3cd\" data-element_type=\"container\">\n\t\t\t\t<\/div>\n\t\t\t\t\t<\/div>\n\t\t\t\t<\/div>\n\t\t<div class=\"elementor-element elementor-element-535e689 e-flex e-con-boxed e-con e-parent\" data-id=\"535e689\" data-element_type=\"container\">\n\t\t\t\t\t<div class=\"e-con-inner\">\n\t\t<div class=\"elementor-element elementor-element-ddc17f4 e-con-full e-flex e-con e-child\" data-id=\"ddc17f4\" data-element_type=\"container\">\n\t\t\t\t<div class=\"elementor-element elementor-element-114e973 elementor-widget elementor-widget-heading\" data-id=\"114e973\" data-element_type=\"widget\" data-widget_type=\"heading.default\">\n\t\t\t\t<div class=\"elementor-widget-container\">\n\t\t\t<h2 class=\"elementor-heading-title elementor-size-default\">Museo Nazionale del Bargello\n\n<\/h2>\t\t<\/div>\n\t\t\t\t<\/div>\n\t\t\t\t<div class=\"elementor-element elementor-element-02fe2d9 elementor-widget elementor-widget-text-editor\" data-id=\"02fe2d9\" data-element_type=\"widget\" data-widget_type=\"text-editor.default\">\n\t\t\t\t<div class=\"elementor-widget-container\">\n\t\t\t\t\t\t\tIl Museo Nazionale del Bargello \u00e8 una delle principali istituzioni culturali di Firenze, rinomato per la sua ricca collezione di sculture e arti decorative\nIl Museo Nazionale del Bargello \u00e8 progettato per garantire un buon livello di accessibilit\u00e0 grazie all&#8217;uso di rampe e ascensori che facilitano la visita ai vari piani. Tuttavia, \u00e8 consigliabile programmare la visita al mattino, poich\u00e9 il museo chiude verso le 14:00, limitando il tempo a disposizione per esplorare le sue collezioni. La presenza di rampe e ascensori rende il museo accessibile a tutti, ma la chiusura anticipata potrebbe influire sulla pianificazione della visita.\n\t\t\t\t\t\t<\/div>\n\t\t\t\t<\/div>\n\t\t\t\t<\/div>\n\t\t<div class=\"elementor-element elementor-element-1ef50c1 e-con-full e-flex e-con e-child\" data-id=\"1ef50c1\" data-element_type=\"container\">\n\t\t<div class=\"elementor-element elementor-element-60b4b31 e-con-full e-flex e-con e-child\" data-id=\"60b4b31\" data-element_type=\"container\" data-settings=\"{&quot;background_background&quot;:&quot;classic&quot;}\">\n\t\t\t\t<div class=\"elementor-element elementor-element-3ffc6f5 elementor-view-default elementor-position-top elementor-mobile-position-top elementor-widget elementor-widget-icon-box\" data-id=\"3ffc6f5\" data-element_type=\"widget\" data-widget_type=\"icon-box.default\">\n\t\t\t\t<div class=\"elementor-widget-container\">\n\t\t\t\t\t<div class=\"elementor-icon-box-wrapper\">\n\n\t\t\t\t\t\t<div class=\"elementor-icon-box-icon\">\n\t\t\t\t<a href=\"https:\/\/bargellomusei.it\/\" target=\"_blank\" class=\"elementor-icon elementor-animation-\" tabindex=\"-1\" rel=\"noopener\">\n\t\t\t\t<i aria-hidden=\"true\" class=\"fas fa-info-circle\"><\/i>\t\t\t\t<\/a>\n\t\t\t<\/div>\n\t\t\t\n\t\t\t\t\t\t<div class=\"elementor-icon-box-content\">\n\n\t\t\t\t\t\t\t\t\t<h3 class=\"elementor-icon-box-title\">\n\t\t\t\t\t\t<a href=\"https:\/\/bargellomusei.it\/\" target=\"_blank\" rel=\"noopener\">\n\t\t\t\t\t\t\tPer ulteriori informazioni e dettagli sull\u2019accessibilit\u00e0:\t\t\t\t\t\t<\/a>\n\t\t\t\t\t<\/h3>\n\t\t\t\t\n\t\t\t\t\t\t\t\t\t<p class=\"elementor-icon-box-description\">\n\t\t\t\t\t\thttps:\/\/bargellomusei.it\/\n\t\t\t\t\t<\/p>\n\t\t\t\t\n\t\t\t<\/div>\n\t\t\t\n\t\t<\/div>\n\t\t\t\t<\/div>\n\t\t\t\t<\/div>\n\t\t\t\t<\/div>\n\t\t\t\t<\/div>\n\t\t\t\t\t<\/div>\n\t\t\t\t<\/div>\n\t\t<div class=\"elementor-element elementor-element-6e755ad e-flex e-con-boxed e-con e-parent\" data-id=\"6e755ad\" data-element_type=\"container\">\n\t\t\t\t\t<div class=\"e-con-inner\">\n\t\t<div class=\"elementor-element elementor-element-784d5a6 e-con-full e-flex e-con e-child\" data-id=\"784d5a6\" data-element_type=\"container\">\n\t\t\t\t<div class=\"elementor-element elementor-element-ee9df9f elementor-widget elementor-widget-heading\" data-id=\"ee9df9f\" data-element_type=\"widget\" data-widget_type=\"heading.default\">\n\t\t\t\t<div class=\"elementor-widget-container\">\n\t\t\t<h2 class=\"elementor-heading-title elementor-size-default\">Museo di Santa Maria Novella\n\n<\/h2>\t\t<\/div>\n\t\t\t\t<\/div>\n\t\t\t\t<div class=\"elementor-element elementor-element-d8d7b89 elementor-widget elementor-widget-text-editor\" data-id=\"d8d7b89\" data-element_type=\"widget\" data-widget_type=\"text-editor.default\">\n\t\t\t\t<div class=\"elementor-widget-container\">\n\t\t\t\t\t\t\t<p>Il Museo di Santa Maria Novella si trova in uno dei luoghi pi\u00f9 storici e affascinanti di Firenze, accogliendo i visitatori con una ricca collezione d&#8217;arte e reperti storici. Questo museo, situato nel cuore della citt\u00e0, \u00e8 noto per le sue esposizioni che spaziano dalla storia dell&#8217;arte alla cultura fiorentina. L\u2019accessibilit\u00e0 \u00e8 una delle sue caratteristiche principali, con una progettazione pensata per garantire che tutti i visitatori, indipendentemente dalle loro esigenze, possano godere appieno dell\u2019esperienza museale.<br \/><br \/>Il Museo di Santa Maria Novella \u00e8 progettato per essere accessibile alle persone con disabilit\u00e0. L\u2019ingresso \u00e8 fornito di uno scivolo, e le sale espositive si trovano al piano dell\u2019ingresso, facilitando l\u2019accesso senza la necessit\u00e0 di scale. I servizi igienici sono dotati di attrezzature adeguate e sono raggiungibili tramite scivolo, assicurando che tutti i visitatori possano muoversi comodamente all&#8217;interno del museo. Questi accorgimenti contribuiscono a una visita pi\u00f9 agevole per le persone con esigenze speciali.<br \/><br \/>Per ulteriori dettagli sull&#8217;accessibilit\u00e0 e le informazioni pratiche sul Museo di Santa Maria Novella, visita il loro sito ufficiale: <strong><a href=\"https:\/\/www.smn.it\/it\/\" target=\"_blank\" rel=\"noopener\">https:\/\/www.smn.it\/it\/<\/a><\/strong><\/p>\t\t\t\t\t\t<\/div>\n\t\t\t\t<\/div>\n\t\t\t\t<\/div>\n\t\t<div class=\"elementor-element elementor-element-410890e e-con-full e-flex e-con e-child\" data-id=\"410890e\" data-element_type=\"container\">\n\t\t\t\t<\/div>\n\t\t\t\t\t<\/div>\n\t\t\t\t<\/div>\n\t\t<div class=\"elementor-element elementor-element-dd86701 e-flex e-con-boxed e-con e-parent\" data-id=\"dd86701\" data-element_type=\"container\">\n\t\t\t\t\t<div class=\"e-con-inner\">\n\t\t<div class=\"elementor-element elementor-element-6e3afa9 e-con-full e-flex e-con e-child\" data-id=\"6e3afa9\" data-element_type=\"container\">\n\t\t\t\t<div class=\"elementor-element elementor-element-a7a6102 elementor-widget elementor-widget-heading\" data-id=\"a7a6102\" data-element_type=\"widget\" data-widget_type=\"heading.default\">\n\t\t\t\t<div class=\"elementor-widget-container\">\n\t\t\t<h2 class=\"elementor-heading-title elementor-size-default\">Palazzo Strozzi\n<\/h2>\t\t<\/div>\n\t\t\t\t<\/div>\n\t\t\t\t<div class=\"elementor-element elementor-element-da648a2 elementor-widget elementor-widget-text-editor\" data-id=\"da648a2\" data-element_type=\"widget\" data-widget_type=\"text-editor.default\">\n\t\t\t\t<div class=\"elementor-widget-container\">\n\t\t\t\t\t\t\t<p>Palazzo Strozzi \u00e8 un punto nevralgico per la cultura e le arti a Firenze, noto per le sue mostre temporanee e eventi di grande rilievo. Questo prestigioso edificio, situato in via Strozzi, \u00e8 stato progettato per essere completamente accessibile a tutti i visitatori. <br \/><br \/>La struttura \u00e8 priva di barriere architettoniche, con un&#8217;entrata principale dotata di una rampa di accesso che facilita l&#8217;ingresso a persone con mobilit\u00e0 ridotta. Inoltre, per garantire un&#8217;accoglienza senza ostacoli, la biglietteria \u00e8 disponibile per fornire assistenza aggiuntiva in caso di necessit\u00e0. Questo impegno verso l&#8217;accessibilit\u00e0 assicura che tutti possano esplorare e godere delle esposizioni e degli eventi culturali che Palazzo Strozzi ospita.<br \/><br \/>Per ulteriori dettagli su mostre, eventi e informazioni specifiche sull&#8217;accessibilit\u00e0 di Palazzo Strozzi: <strong><a href=\"https:\/\/www.palazzostrozzi.org\/\" target=\"_blank\" rel=\"noopener\">https:\/\/www.palazzostrozzi.org\/<\/a><\/strong><\/p>\t\t\t\t\t\t<\/div>\n\t\t\t\t<\/div>\n\t\t\t\t<\/div>\n\t\t<div class=\"elementor-element elementor-element-380ac48 e-con-full e-flex e-con e-child\" data-id=\"380ac48\" data-element_type=\"container\">\n\t\t\t\t<\/div>\n\t\t\t\t\t<\/div>\n\t\t\t\t<\/div>\n\t\t<div class=\"elementor-element elementor-element-5a428b0 e-flex e-con-boxed e-con e-parent\" data-id=\"5a428b0\" data-element_type=\"container\">\n\t\t\t\t\t<div class=\"e-con-inner\">\n\t\t\t\t<div class=\"elementor-element elementor-element-450caa0 elementor-widget elementor-widget-image\" data-id=\"450caa0\" data-element_type=\"widget\" data-widget_type=\"image.default\">\n\t\t\t\t<div class=\"elementor-widget-container\">\n\t\t\t\t\t\t\t\t\t\t\t\t\t<img loading=\"lazy\" decoding=\"async\" width=\"1024\" height=\"256\" src=\"https:\/\/www.willeasy.net\/project\/wp-content\/uploads\/2024\/10\/florence-795076_1280-1024x256.jpg\" class=\"attachment-large size-large wp-image-24437\" alt=\"\" srcset=\"https:\/\/www.willeasy.net\/project\/wp-content\/uploads\/2024\/10\/florence-795076_1280-1024x256.jpg 1024w, https:\/\/www.willeasy.net\/project\/wp-content\/uploads\/2024\/10\/florence-795076_1280-300x75.jpg 300w, https:\/\/www.willeasy.net\/project\/wp-content\/uploads\/2024\/10\/florence-795076_1280-768x192.jpg 768w, https:\/\/www.willeasy.net\/project\/wp-content\/uploads\/2024\/10\/florence-795076_1280.jpg 1280w\" sizes=\"(max-width: 1024px) 100vw, 1024px\" \/>\t\t\t\t\t\t\t\t\t\t\t\t\t<\/div>\n\t\t\t\t<\/div>\n\t\t\t\t\t<\/div>\n\t\t\t\t<\/div>\n\t\t<div class=\"elementor-element elementor-element-51abf89 e-flex e-con-boxed e-con e-parent\" data-id=\"51abf89\" data-element_type=\"container\" data-settings=\"{&quot;background_background&quot;:&quot;classic&quot;}\">\n\t\t\t\t\t<div class=\"e-con-inner\">\n\t\t<div class=\"elementor-element elementor-element-078132f e-con-full e-flex e-con e-child\" data-id=\"078132f\" data-element_type=\"container\">\n\t\t\t\t<div class=\"elementor-element elementor-element-c7e2aa0 elementor-widget elementor-widget-heading\" data-id=\"c7e2aa0\" data-element_type=\"widget\" data-widget_type=\"heading.default\">\n\t\t\t\t<div class=\"elementor-widget-container\">\n\t\t\t<h3 class=\"elementor-heading-title elementor-size-default\">Una visita accessibile a Firenze: prepararsi per un'esperienza senza intoppi<\/h3>\t\t<\/div>\n\t\t\t\t<\/div>\n\t\t\t\t<\/div>\n\t\t<div class=\"elementor-element elementor-element-04ce0ca e-con-full e-flex e-con e-child\" data-id=\"04ce0ca\" data-element_type=\"container\">\n\t\t\t\t<div class=\"elementor-element elementor-element-94468ec elementor-widget elementor-widget-text-editor\" data-id=\"94468ec\" data-element_type=\"widget\" data-widget_type=\"text-editor.default\">\n\t\t\t\t<div class=\"elementor-widget-container\">\n\t\t\t\t\t\t\tFirenze, con la sua inconfondibile atmosfera rinascimentale, offre un\u2019affascinante combinazione di arte, storia e panorami spettacolari. La citt\u00e0, per\u00f2, presenta alcune sfide quando si tratta di accessibilit\u00e0. Mentre molte delle sue principali attrazioni sono facilmente raggiungibili, altre possono richiedere un po\u2019 pi\u00f9 di pianificazione per garantire una visita senza intoppi. Con una preparazione adeguata e un po&#8217; di attenzione, puoi esplorare i luoghi iconici di Firenze e godere appieno della sua straordinaria bellezza.\t\t\t\t\t\t<\/div>\n\t\t\t\t<\/div>\n\t\t\t\t<\/div>\n\t\t\t\t\t<\/div>\n\t\t\t\t<\/div>\n\t\t<div class=\"elementor-element elementor-element-e3f3c7f e-flex e-con-boxed e-con e-parent\" data-id=\"e3f3c7f\" data-element_type=\"container\">\n\t\t\t\t\t<div class=\"e-con-inner\">\n\t\t\t\t<div class=\"elementor-element elementor-element-ef73959 elementor-post-navigation-borders-yes elementor-widget elementor-widget-post-navigation\" data-id=\"ef73959\" data-element_type=\"widget\" data-widget_type=\"post-navigation.default\">\n\t\t\t\t<div class=\"elementor-widget-container\">\n\t\t\t\t\t<div class=\"elementor-post-navigation\">\n\t\t\t<div class=\"elementor-post-navigation__prev elementor-post-navigation__link\">\n\t\t\t\t<a href=\"https:\/\/www.willeasy.net\/project\/esperienze\/pisa-e-i-suoi-tesori-da-non-perdere\/\" rel=\"prev\"><span class=\"post-navigation__arrow-wrapper post-navigation__arrow-prev\"><i class=\"fa fa-angle-left\" aria-hidden=\"true\"><\/i><span class=\"elementor-screen-only\">Prev<\/span><\/span><span class=\"elementor-post-navigation__link__prev\"><span class=\"post-navigation__prev--label\">Precedente<\/span><span class=\"post-navigation__prev--title\">Pisa e i suoi tesori da non perdere<\/span><\/span><\/a>\t\t\t<\/div>\n\t\t\t\t\t\t\t<div class=\"elementor-post-navigation__separator-wrapper\">\n\t\t\t\t\t<div class=\"elementor-post-navigation__separator\"><\/div>\n\t\t\t\t<\/div>\n\t\t\t\t\t\t<div class=\"elementor-post-navigation__next elementor-post-navigation__link\">\n\t\t\t\t\t\t\t<\/div>\n\t\t<\/div>\n\t\t\t\t<\/div>\n\t\t\t\t<\/div>\n\t\t\t\t\t<\/div>\n\t\t\t\t<\/div>\n\t\t\t\t<\/div>\n\t\t","protected":false},"excerpt":{"rendered":"<p>Firenze, con la sua inconfondibile atmosfera rinascimentale, offre un\u2019affascinante combinazione di arte, storia e panorami spettacolari. La citt\u00e0, per\u00f2, presenta [&hellip;]<\/p>\n","protected":false},"author":5,"featured_media":24425,"template":"","meta":{"site-sidebar-layout":"no-sidebar","site-content-layout":"","ast-site-content-layout":"full-width-container","site-content-style":"default","site-sidebar-style":"default","ast-global-header-display":"","ast-banner-title-visibility":"","ast-main-header-display":"","ast-hfb-above-header-display":"","ast-hfb-below-header-display":"","ast-hfb-mobile-header-display":"","site-post-title":"disabled","ast-breadcrumbs-content":"","ast-featured-img":"disabled","footer-sml-layout":"","theme-transparent-header-meta":"default","adv-header-id-meta":"","stick-header-meta":"default","header-above-stick-meta":"","header-main-stick-meta":"","header-below-stick-meta":"","astra-migrate-meta-layouts":"set","ast-page-background-enabled":"default","ast-page-background-meta":{"desktop":{"background-color":"var(--ast-global-color-4)","background-image":"","background-repeat":"repeat","background-position":"center center","background-size":"auto","background-attachment":"scroll","background-type":"","background-media":"","overlay-type":"","overlay-color":"","overlay-opacity":"","overlay-gradient":""},"tablet":{"background-color":"","background-image":"","background-repeat":"repeat","background-position":"center center","background-size":"auto","background-attachment":"scroll","background-type":"","background-media":"","overlay-type":"","overlay-color":"","overlay-opacity":"","overlay-gradient":""},"mobile":{"background-color":"","background-image":"","background-repeat":"repeat","background-position":"center center","background-size":"auto","background-attachment":"scroll","background-type":"","background-media":"","overlay-type":"","overlay-color":"","overlay-opacity":"","overlay-gradient":""}},"ast-content-background-meta":{"desktop":{"background-color":"var(--ast-global-color-5)","background-image":"","background-repeat":"repeat","background-position":"center center","background-size":"auto","background-attachment":"scroll","background-type":"","background-media":"","overlay-type":"","overlay-color":"","overlay-opacity":"","overlay-gradient":""},"tablet":{"background-color":"var(--ast-global-color-5)","background-image":"","background-repeat":"repeat","background-position":"center center","background-size":"auto","background-attachment":"scroll","background-type":"","background-media":"","overlay-type":"","overlay-color":"","overlay-opacity":"","overlay-gradient":""},"mobile":{"background-color":"var(--ast-global-color-5)","background-image":"","background-repeat":"repeat","background-position":"center center","background-size":"auto","background-attachment":"scroll","background-type":"","background-media":"","overlay-type":"","overlay-color":"","overlay-opacity":"","overlay-gradient":""}}},"_links":{"self":[{"href":"https:\/\/www.willeasy.net\/project\/wp-json\/wp\/v2\/esperienze\/24410"}],"collection":[{"href":"https:\/\/www.willeasy.net\/project\/wp-json\/wp\/v2\/esperienze"}],"about":[{"href":"https:\/\/www.willeasy.net\/project\/wp-json\/wp\/v2\/types\/esperienze"}],"author":[{"embeddable":true,"href":"https:\/\/www.willeasy.net\/project\/wp-json\/wp\/v2\/users\/5"}],"version-history":[{"count":17,"href":"https:\/\/www.willeasy.net\/project\/wp-json\/wp\/v2\/esperienze\/24410\/revisions"}],"predecessor-version":[{"id":24449,"href":"https:\/\/www.willeasy.net\/project\/wp-json\/wp\/v2\/esperienze\/24410\/revisions\/24449"}],"wp:featuredmedia":[{"embeddable":true,"href":"https:\/\/www.willeasy.net\/project\/wp-json\/wp\/v2\/media\/24425"}],"wp:attachment":[{"href":"https:\/\/www.willeasy.net\/project\/wp-json\/wp\/v2\/media?parent=24410"}],"curies":[{"name":"wp","href":"https:\/\/api.w.org\/{rel}","templated":true}]}}